{"version":"1.0","provider_name":"FAGOR","provider_url":"https:\/\/www.fagor.eus\/es\/","author_name":"Fagor Taldea","author_url":"https:\/\/www.fagor.eus\/es\/author\/system\/","title":"Leire Okaranza: \u201cEl euskera necesita nuevos discursos que integren el \u00e1mbito socioecon\u00f3mico\u201d &#187; FAGOR Trabajando por un futuro mejor","type":"rich","width":600,"height":338,"html":"<blockquote class=\"wp-embedded-content\" data-secret=\"Yst5ZdCBVn\"><a href=\"https:\/\/www.fagor.eus\/es\/udaltop-2020-2\/\">Leire Okaranza: \u201cEl euskera necesita nuevos discursos que integren el \u00e1mbito socioecon\u00f3mico\u201d<\/a><\/blockquote><iframe sandbox=\"allow-scripts\" security=\"restricted\" src=\"https:\/\/www.fagor.eus\/es\/udaltop-2020-2\/embed\/#?secret=Yst5ZdCBVn\" width=\"600\" height=\"338\" title=\"\u00abLeire Okaranza: \u201cEl euskera necesita nuevos discursos que integren el \u00e1mbito socioecon\u00f3mico\u201d\u00bb \u2014 FAGOR\" data-secret=\"Yst5ZdCBVn\" frameborder=\"0\" marginwidth=\"0\" marginheight=\"0\" scrolling=\"no\" class=\"wp-embedded-content\"><\/iframe><script type=\"text\/javascript\">\n\/* <![CDATA[ *\/\n\/*! This file is auto-generated *\/\n!function(d,l){\"use strict\";l.querySelector&&d.addEventListener&&\"undefined\"!=typeof URL&&(d.wp=d.wp||{},d.wp.receiveEmbedMessage||(d.wp.receiveEmbedMessage=function(e){var t=e.data;if((t||t.secret||t.message||t.value)&&!\/[^a-zA-Z0-9]\/.test(t.secret)){for(var s,r,n,a=l.querySelectorAll('iframe[data-secret=\"'+t.secret+'\"]'),o=l.querySelectorAll('blockquote[data-secret=\"'+t.secret+'\"]'),c=new RegExp(\"^https?:$\",\"i\"),i=0;i<o.length;i++)o[i].style.display=\"none\";for(i=0;i<a.length;i++)s=a[i],e.source===s.contentWindow&&(s.removeAttribute(\"style\"),\"height\"===t.message?(1e3<(r=parseInt(t.value,10))?r=1e3:~~r<200&&(r=200),s.height=r):\"link\"===t.message&&(r=new URL(s.getAttribute(\"src\")),n=new URL(t.value),c.test(n.protocol))&&n.host===r.host&&l.activeElement===s&&(d.top.location.href=t.value))}},d.addEventListener(\"message\",d.wp.receiveEmbedMessage,!1),l.addEventListener(\"DOMContentLoaded\",function(){for(var e,t,s=l.querySelectorAll(\"iframe.wp-embedded-content\"),r=0;r<s.length;r++)(t=(e=s[r]).getAttribute(\"data-secret\"))||(t=Math.random().toString(36).substring(2,12),e.src+=\"#?secret=\"+t,e.setAttribute(\"data-secret\",t)),e.contentWindow.postMessage({message:\"ready\",secret:t},\"*\")},!1)))}(window,document);\n\/\/# sourceURL=https:\/\/www.fagor.eus\/wp-includes\/js\/wp-embed.min.js\n\/* ]]> *\/\n<\/script>\n","thumbnail_url":"https:\/\/www.fagor.eus\/wp-content\/uploads\/2020\/05\/Leire-Okaranza-Bingen-Zupiria-Pilar-Kaltzada-Kike-Amonarriz-Udaltop-2020-1024x538-1.jpg","thumbnail_width":1024,"thumbnail_height":538,"description":"La responsable de gesti\u00f3n social del Grupo Fagor, Leire Okaranza, particip\u00f3 ayer, 14 de mayo, en la mesa redonda sobre la presencia y el futuro del euskara en el \u00e1mbito..."}